{"id":787,"date":"2022-08-17T17:50:18","date_gmt":"2022-08-17T17:50:18","guid":{"rendered":"https:\/\/fabricadesanpedro.com\/?post_type=tribe_events&#038;p=787"},"modified":"2022-08-17T18:11:50","modified_gmt":"2022-08-17T18:11:50","slug":"installation-natural-dye-workshop","status":"publish","type":"tribe_events","link":"https:\/\/fabricadesanpedro.com\/en\/eventos\/installation-natural-dye-workshop\/","title":{"rendered":"Natural DYE Workshop Exhibition"},"content":{"rendered":"<h4>Exhibition<\/h4>\n<h4>NATURAL DYE WORKSHOP<\/h4>\n<p>August 28 -29<\/p>\n<p>12h -19h<\/p>\n<p><strong>Participantes:<\/strong><br \/>\nArmando Rodr\u00edguez Hern\u00e1ndez<br \/>\nBrenda Karen Cruz Viche<br \/>\nCarla Daniela Guill\u00e9n M\u00e9ndez<br \/>\nCarlos Ulises Correa S\u00e1enz<br \/>\nConstanza Estrada Trujillo<br \/>\nJessica de la Garza<br \/>\nJulia Pool Illsley<br \/>\nMar\u00eda Fernanda Gonz\u00e1lez Mereles<br \/>\nMar\u00eda Genoveva Zacari Hern\u00e1ndez<br \/>\nMar\u00eda Luisa Zepeda D\u00e1vila<br \/>\nMaricela Ch\u00e1vez Rom\u00e1n<br \/>\nMateo Bautista \u00c1valos<br \/>\nMercedes Gertz<br \/>\nNicomedes Juan Reyes<br \/>\nRa\u00fal Garc\u00eda<br \/>\nRegina Mart\u00ednez Arana<br \/>\nRenato Camarillo Duque<\/p>\n<p class=\"p1\"><strong>Coordinadora:<\/strong><br \/>\nMaddalena Forcella<\/p>\n<p class=\"p1\"><strong>Maestros:<\/strong><br \/>\nMartha Turok<br \/>\nH\u00e9ctor Meneses<br \/>\nBerenice Torres<br \/>\nAna Roquero Caparr\u00f3s<\/p>\n<p class=\"p1\"><strong>Asesora:<\/strong><br \/>\nPatricia Ter\u00e1n Escobar<\/p>\n<p>Este laboratorio otorg\u00f3 becas a artesanos y artistas del fondo de becas de Casa Lamm<\/p>\n<p>&nbsp;<\/p>\n<p><b>Fabrica de San Pedro Cultural Center<br \/>\n<\/b><\/p>\n<p>Miguel Trevi\u00f1o s\/n, Centro, 60000,<\/p>\n<p>Uruapan, Michoacan.<\/p>\n<p><span class=\"Y2IQFc\" lang=\"en\">\u00a0<\/span><\/p>\n<div class=\"content\">\n<p>&nbsp;<\/p>\n<\/div>\n<p>&nbsp;<\/p>\n<div class=\"content\">\n<p>&nbsp;<\/p>\n<p>&nbsp;<\/p>\n<\/div>\n","protected":false},"excerpt":{"rendered":"<p>Exhibition NATURAL DYE WORKSHOP August 28 -29 12h -19h Participantes: Armando Rodr\u00edguez Hern\u00e1ndez Brenda Karen Cruz Viche Carla Daniela Guill\u00e9n M\u00e9ndez Carlos Ulises Correa S\u00e1enz Constanza Estrada Trujillo Jessica de [&hellip;]<\/p>\n","protected":false},"author":1,"featured_media":785,"comment_status":"open","ping_status":"closed","template":"","meta":{"_tribe_events_status":"","_tribe_events_status_reason":"","footnotes":""},"tags":[],"tribe_events_cat":[25],"class_list":["post-787","tribe_events","type-tribe_events","status-publish","has-post-thumbnail","hentry","tribe_events_cat-events-en","cat_events-en"],"yoast_head":"<!-- This site is optimized with the Yoast SEO plugin v27.5 - https:\/\/yoast.com\/product\/yoast-seo-wordpress\/ -->\n<title>Natural DYE Workshop Exhibition - F\u00e1brica San Pedro<\/title>\n<meta name=\"robots\" content=\"index, follow, max-snippet:-1, max-image-preview:large, max-video-preview:-1\" \/>\n<link rel=\"canonical\" href=\"https:\/\/fabricadesanpedro.com\/en\/eventos\/installation-natural-dye-workshop\/\" \/>\n<meta property=\"og:locale\" content=\"en_US\" \/>\n<meta property=\"og:type\" content=\"article\" \/>\n<meta property=\"og:title\" content=\"Natural DYE Workshop Exhibition - F\u00e1brica San Pedro\" \/>\n<meta property=\"og:description\" content=\"Exhibition NATURAL DYE WORKSHOP August 28 -29 12h -19h Participantes: Armando Rodr\u00edguez Hern\u00e1ndez Brenda Karen Cruz Viche Carla Daniela Guill\u00e9n M\u00e9ndez Carlos Ulises Correa S\u00e1enz Constanza Estrada Trujillo Jessica de [&hellip;]\" \/>\n<meta property=\"og:url\" content=\"https:\/\/fabricadesanpedro.com\/en\/eventos\/installation-natural-dye-workshop\/\" \/>\n<meta property=\"og:site_name\" content=\"F\u00e1brica San Pedro\" \/>\n<meta property=\"article:publisher\" content=\"https:\/\/www.facebook.com\/FabricadeSanPedro\/\" \/>\n<meta property=\"article:modified_time\" content=\"2022-08-17T18:11:50+00:00\" \/>\n<meta property=\"og:image\" content=\"https:\/\/fabricadesanpedro.com\/wp-content\/uploads\/2022\/08\/Instalacio\u0301n-laboratorio-de-tintes-naturales-1.jpeg\" \/>\n\t<meta property=\"og:image:width\" content=\"960\" \/>\n\t<meta property=\"og:image:height\" content=\"1280\" \/>\n\t<meta property=\"og:image:type\" content=\"image\/jpeg\" \/>\n<meta name=\"twitter:card\" content=\"summary_large_image\" \/>\n<meta name=\"twitter:label1\" content=\"Est. reading time\" \/>\n\t<meta name=\"twitter:data1\" content=\"1 minute\" \/>\n<script type=\"application\/ld+json\" class=\"yoast-schema-graph\">{\"@context\":\"https:\\\/\\\/schema.org\",\"@graph\":[{\"@type\":\"WebPage\",\"@id\":\"https:\\\/\\\/fabricadesanpedro.com\\\/en\\\/eventos\\\/installation-natural-dye-workshop\\\/\",\"url\":\"https:\\\/\\\/fabricadesanpedro.com\\\/en\\\/eventos\\\/installation-natural-dye-workshop\\\/\",\"name\":\"Natural DYE Workshop Exhibition - F\u00e1brica San Pedro\",\"isPartOf\":{\"@id\":\"https:\\\/\\\/fabricadesanpedro.com\\\/#website\"},\"primaryImageOfPage\":{\"@id\":\"https:\\\/\\\/fabricadesanpedro.com\\\/en\\\/eventos\\\/installation-natural-dye-workshop\\\/#primaryimage\"},\"image\":{\"@id\":\"https:\\\/\\\/fabricadesanpedro.com\\\/en\\\/eventos\\\/installation-natural-dye-workshop\\\/#primaryimage\"},\"thumbnailUrl\":\"https:\\\/\\\/fabricadesanpedro.com\\\/wp-content\\\/uploads\\\/2022\\\/08\\\/Instalacio\u0301n-laboratorio-de-tintes-naturales-1.jpeg\",\"datePublished\":\"2022-08-17T17:50:18+00:00\",\"dateModified\":\"2022-08-17T18:11:50+00:00\",\"breadcrumb\":{\"@id\":\"https:\\\/\\\/fabricadesanpedro.com\\\/en\\\/eventos\\\/installation-natural-dye-workshop\\\/#breadcrumb\"},\"inLanguage\":\"en-US\",\"potentialAction\":[{\"@type\":\"ReadAction\",\"target\":[\"https:\\\/\\\/fabricadesanpedro.com\\\/en\\\/eventos\\\/installation-natural-dye-workshop\\\/\"]}]},{\"@type\":\"ImageObject\",\"inLanguage\":\"en-US\",\"@id\":\"https:\\\/\\\/fabricadesanpedro.com\\\/en\\\/eventos\\\/installation-natural-dye-workshop\\\/#primaryimage\",\"url\":\"https:\\\/\\\/fabricadesanpedro.com\\\/wp-content\\\/uploads\\\/2022\\\/08\\\/Instalacio\u0301n-laboratorio-de-tintes-naturales-1.jpeg\",\"contentUrl\":\"https:\\\/\\\/fabricadesanpedro.com\\\/wp-content\\\/uploads\\\/2022\\\/08\\\/Instalacio\u0301n-laboratorio-de-tintes-naturales-1.jpeg\",\"width\":960,\"height\":1280},{\"@type\":\"BreadcrumbList\",\"@id\":\"https:\\\/\\\/fabricadesanpedro.com\\\/en\\\/eventos\\\/installation-natural-dye-workshop\\\/#breadcrumb\",\"itemListElement\":[{\"@type\":\"ListItem\",\"position\":1,\"name\":\"Home\",\"item\":\"https:\\\/\\\/fabricadesanpedro.com\\\/en\\\/\"},{\"@type\":\"ListItem\",\"position\":2,\"name\":\"Events\",\"item\":\"https:\\\/\\\/fabricadesanpedro.com\\\/events\\\/\"},{\"@type\":\"ListItem\",\"position\":3,\"name\":\"Natural DYE Workshop Exhibition\"}]},{\"@type\":\"WebSite\",\"@id\":\"https:\\\/\\\/fabricadesanpedro.com\\\/#website\",\"url\":\"https:\\\/\\\/fabricadesanpedro.com\\\/\",\"name\":\"F\u00e1brica San Pedro\",\"description\":\"Fabrica San Pedro\",\"publisher\":{\"@id\":\"https:\\\/\\\/fabricadesanpedro.com\\\/#organization\"},\"potentialAction\":[{\"@type\":\"SearchAction\",\"target\":{\"@type\":\"EntryPoint\",\"urlTemplate\":\"https:\\\/\\\/fabricadesanpedro.com\\\/?s={search_term_string}\"},\"query-input\":{\"@type\":\"PropertyValueSpecification\",\"valueRequired\":true,\"valueName\":\"search_term_string\"}}],\"inLanguage\":\"en-US\"},{\"@type\":\"Organization\",\"@id\":\"https:\\\/\\\/fabricadesanpedro.com\\\/#organization\",\"name\":\"Centro Cultural F\u00e1brica de San Pedro\",\"url\":\"https:\\\/\\\/fabricadesanpedro.com\\\/\",\"logo\":{\"@type\":\"ImageObject\",\"inLanguage\":\"en-US\",\"@id\":\"https:\\\/\\\/fabricadesanpedro.com\\\/#\\\/schema\\\/logo\\\/image\\\/\",\"url\":\"https:\\\/\\\/fabricadesanpedro.com\\\/wp-content\\\/uploads\\\/2021\\\/01\\\/logo-fjm-rojo.png\",\"contentUrl\":\"https:\\\/\\\/fabricadesanpedro.com\\\/wp-content\\\/uploads\\\/2021\\\/01\\\/logo-fjm-rojo.png\",\"width\":200,\"height\":49,\"caption\":\"Centro Cultural F\u00e1brica de San Pedro\"},\"image\":{\"@id\":\"https:\\\/\\\/fabricadesanpedro.com\\\/#\\\/schema\\\/logo\\\/image\\\/\"},\"sameAs\":[\"https:\\\/\\\/www.facebook.com\\\/FabricadeSanPedro\\\/\"]}]}<\/script>\n<!-- \/ Yoast SEO plugin. -->","yoast_head_json":{"title":"Natural DYE Workshop Exhibition - F\u00e1brica San Pedro","robots":{"index":"index","follow":"follow","max-snippet":"max-snippet:-1","max-image-preview":"max-image-preview:large","max-video-preview":"max-video-preview:-1"},"canonical":"https:\/\/fabricadesanpedro.com\/en\/eventos\/installation-natural-dye-workshop\/","og_locale":"en_US","og_type":"article","og_title":"Natural DYE Workshop Exhibition - F\u00e1brica San Pedro","og_description":"Exhibition NATURAL DYE WORKSHOP August 28 -29 12h -19h Participantes: Armando Rodr\u00edguez Hern\u00e1ndez Brenda Karen Cruz Viche Carla Daniela Guill\u00e9n M\u00e9ndez Carlos Ulises Correa S\u00e1enz Constanza Estrada Trujillo Jessica de [&hellip;]","og_url":"https:\/\/fabricadesanpedro.com\/en\/eventos\/installation-natural-dye-workshop\/","og_site_name":"F\u00e1brica San Pedro","article_publisher":"https:\/\/www.facebook.com\/FabricadeSanPedro\/","article_modified_time":"2022-08-17T18:11:50+00:00","og_image":[{"width":960,"height":1280,"url":"https:\/\/fabricadesanpedro.com\/wp-content\/uploads\/2022\/08\/Instalacio\u0301n-laboratorio-de-tintes-naturales-1.jpeg","type":"image\/jpeg"}],"twitter_card":"summary_large_image","twitter_misc":{"Est. reading time":"1 minute"},"schema":{"@context":"https:\/\/schema.org","@graph":[{"@type":"WebPage","@id":"https:\/\/fabricadesanpedro.com\/en\/eventos\/installation-natural-dye-workshop\/","url":"https:\/\/fabricadesanpedro.com\/en\/eventos\/installation-natural-dye-workshop\/","name":"Natural DYE Workshop Exhibition - F\u00e1brica San Pedro","isPartOf":{"@id":"https:\/\/fabricadesanpedro.com\/#website"},"primaryImageOfPage":{"@id":"https:\/\/fabricadesanpedro.com\/en\/eventos\/installation-natural-dye-workshop\/#primaryimage"},"image":{"@id":"https:\/\/fabricadesanpedro.com\/en\/eventos\/installation-natural-dye-workshop\/#primaryimage"},"thumbnailUrl":"https:\/\/fabricadesanpedro.com\/wp-content\/uploads\/2022\/08\/Instalacio\u0301n-laboratorio-de-tintes-naturales-1.jpeg","datePublished":"2022-08-17T17:50:18+00:00","dateModified":"2022-08-17T18:11:50+00:00","breadcrumb":{"@id":"https:\/\/fabricadesanpedro.com\/en\/eventos\/installation-natural-dye-workshop\/#breadcrumb"},"inLanguage":"en-US","potentialAction":[{"@type":"ReadAction","target":["https:\/\/fabricadesanpedro.com\/en\/eventos\/installation-natural-dye-workshop\/"]}]},{"@type":"ImageObject","inLanguage":"en-US","@id":"https:\/\/fabricadesanpedro.com\/en\/eventos\/installation-natural-dye-workshop\/#primaryimage","url":"https:\/\/fabricadesanpedro.com\/wp-content\/uploads\/2022\/08\/Instalacio\u0301n-laboratorio-de-tintes-naturales-1.jpeg","contentUrl":"https:\/\/fabricadesanpedro.com\/wp-content\/uploads\/2022\/08\/Instalacio\u0301n-laboratorio-de-tintes-naturales-1.jpeg","width":960,"height":1280},{"@type":"BreadcrumbList","@id":"https:\/\/fabricadesanpedro.com\/en\/eventos\/installation-natural-dye-workshop\/#breadcrumb","itemListElement":[{"@type":"ListItem","position":1,"name":"Home","item":"https:\/\/fabricadesanpedro.com\/en\/"},{"@type":"ListItem","position":2,"name":"Events","item":"https:\/\/fabricadesanpedro.com\/events\/"},{"@type":"ListItem","position":3,"name":"Natural DYE Workshop Exhibition"}]},{"@type":"WebSite","@id":"https:\/\/fabricadesanpedro.com\/#website","url":"https:\/\/fabricadesanpedro.com\/","name":"F\u00e1brica San Pedro","description":"Fabrica San Pedro","publisher":{"@id":"https:\/\/fabricadesanpedro.com\/#organization"},"potentialAction":[{"@type":"SearchAction","target":{"@type":"EntryPoint","urlTemplate":"https:\/\/fabricadesanpedro.com\/?s={search_term_string}"},"query-input":{"@type":"PropertyValueSpecification","valueRequired":true,"valueName":"search_term_string"}}],"inLanguage":"en-US"},{"@type":"Organization","@id":"https:\/\/fabricadesanpedro.com\/#organization","name":"Centro Cultural F\u00e1brica de San Pedro","url":"https:\/\/fabricadesanpedro.com\/","logo":{"@type":"ImageObject","inLanguage":"en-US","@id":"https:\/\/fabricadesanpedro.com\/#\/schema\/logo\/image\/","url":"https:\/\/fabricadesanpedro.com\/wp-content\/uploads\/2021\/01\/logo-fjm-rojo.png","contentUrl":"https:\/\/fabricadesanpedro.com\/wp-content\/uploads\/2021\/01\/logo-fjm-rojo.png","width":200,"height":49,"caption":"Centro Cultural F\u00e1brica de San Pedro"},"image":{"@id":"https:\/\/fabricadesanpedro.com\/#\/schema\/logo\/image\/"},"sameAs":["https:\/\/www.facebook.com\/FabricadeSanPedro\/"]}]}},"_links":{"self":[{"href":"https:\/\/fabricadesanpedro.com\/en\/wp-json\/wp\/v2\/tribe_events\/787","targetHints":{"allow":["GET"]}}],"collection":[{"href":"https:\/\/fabricadesanpedro.com\/en\/wp-json\/wp\/v2\/tribe_events"}],"about":[{"href":"https:\/\/fabricadesanpedro.com\/en\/wp-json\/wp\/v2\/types\/tribe_events"}],"author":[{"embeddable":true,"href":"https:\/\/fabricadesanpedro.com\/en\/wp-json\/wp\/v2\/users\/1"}],"replies":[{"embeddable":true,"href":"https:\/\/fabricadesanpedro.com\/en\/wp-json\/wp\/v2\/comments?post=787"}],"version-history":[{"count":3,"href":"https:\/\/fabricadesanpedro.com\/en\/wp-json\/wp\/v2\/tribe_events\/787\/revisions"}],"predecessor-version":[{"id":792,"href":"https:\/\/fabricadesanpedro.com\/en\/wp-json\/wp\/v2\/tribe_events\/787\/revisions\/792"}],"wp:featuredmedia":[{"embeddable":true,"href":"https:\/\/fabricadesanpedro.com\/en\/wp-json\/wp\/v2\/media\/785"}],"wp:attachment":[{"href":"https:\/\/fabricadesanpedro.com\/en\/wp-json\/wp\/v2\/media?parent=787"}],"wp:term":[{"taxonomy":"post_tag","embeddable":true,"href":"https:\/\/fabricadesanpedro.com\/en\/wp-json\/wp\/v2\/tags?post=787"},{"taxonomy":"tribe_events_cat","embeddable":true,"href":"https:\/\/fabricadesanpedro.com\/en\/wp-json\/wp\/v2\/tribe_events_cat?post=787"}],"curies":[{"name":"wp","href":"https:\/\/api.w.org\/{rel}","templated":true}]}}