{"id":1009,"date":"2022-10-06T17:49:07","date_gmt":"2022-10-06T17:49:07","guid":{"rendered":"https:\/\/fabricadesanpedro.com\/?post_type=tribe_events&#038;p=1009"},"modified":"2022-10-06T17:52:10","modified_gmt":"2022-10-06T17:52:10","slug":"ensamble-artesano-y-la-colmena-casa-spina","status":"publish","type":"tribe_events","link":"https:\/\/fabricadesanpedro.com\/en\/eventos\/ensamble-artesano-y-la-colmena-casa-spina\/","title":{"rendered":"Ensamble Artesano y La Colmena, Casa Spina"},"content":{"rendered":"<p>En el marco del 20\u00ba Festival Internacional de Cine de Morelia<\/p>\n<div class=\"content\">\n<div class=\"tribe-events-single-event-description tribe-events-content\">\n<div class=\"x11i5rnm xat24cr x1mh8g0r x1vvkbs xtlvy1s x126k92a\">\n<div dir=\"auto\">Fundaci\u00f3n Coppel y Fundaci\u00f3n Javier Mar\u00edn presentan:<\/div>\n<h3 dir=\"auto\">Ensamble Artesano y La Colmena<\/h3>\n<p dir=\"auto\">Proyectos de dise\u00f1o con causa<\/p>\n<\/div>\n<div class=\"x11i5rnm xat24cr x1mh8g0r x1vvkbs xtlvy1s x126k92a\">\n<div dir=\"auto\"><\/div>\n<div dir=\"auto\"><\/div>\n<div dir=\"auto\">October 21 to 30<\/div>\n<div dir=\"auto\">11h &#8211;\u00a0 19h<\/div>\n<\/div>\n<div class=\"x11i5rnm xat24cr x1mh8g0r x1vvkbs xtlvy1s x126k92a\">\n<div dir=\"auto\"><\/div>\n<div dir=\"auto\"><\/div>\n<div dir=\"auto\">Casa Spina<\/div>\n<div dir=\"auto\">Jard\u00edn de las Rosas<\/div>\n<div dir=\"auto\">Calle El Nigromante #146, Centro Hist\u00f3rico, Morelia, Mich.<\/div>\n<\/div>\n<\/div>\n<\/div>\n<p>&nbsp;<\/p>\n<div class=\"content\">\n<p>&nbsp;<\/p>\n<p>&nbsp;<\/p>\n<\/div>\n","protected":false},"excerpt":{"rendered":"<p>En el marco del 20\u00ba Festival Internacional de Cine de Morelia Fundaci\u00f3n Coppel y Fundaci\u00f3n Javier Mar\u00edn presentan: Ensamble Artesano y La Colmena Proyectos de dise\u00f1o con causa October 21 [&hellip;]<\/p>\n","protected":false},"author":1,"featured_media":997,"comment_status":"open","ping_status":"closed","template":"","meta":{"_tribe_events_status":"","_tribe_events_status_reason":"","footnotes":""},"tags":[],"tribe_events_cat":[25],"class_list":["post-1009","tribe_events","type-tribe_events","status-publish","has-post-thumbnail","hentry","tribe_events_cat-events-en","cat_events-en"],"yoast_head":"<!-- This site is optimized with the Yoast SEO plugin v27.5 - https:\/\/yoast.com\/product\/yoast-seo-wordpress\/ -->\n<title>Ensamble Artesano y La Colmena, Casa Spina - F\u00e1brica San Pedro<\/title>\n<meta name=\"robots\" content=\"index, follow, max-snippet:-1, max-image-preview:large, max-video-preview:-1\" \/>\n<link rel=\"canonical\" href=\"https:\/\/fabricadesanpedro.com\/en\/eventos\/ensamble-artesano-y-la-colmena-casa-spina\/\" \/>\n<meta property=\"og:locale\" content=\"en_US\" \/>\n<meta property=\"og:type\" content=\"article\" \/>\n<meta property=\"og:title\" content=\"Ensamble Artesano y La Colmena, Casa Spina - F\u00e1brica San Pedro\" \/>\n<meta property=\"og:description\" content=\"En el marco del 20\u00ba Festival Internacional de Cine de Morelia Fundaci\u00f3n Coppel y Fundaci\u00f3n Javier Mar\u00edn presentan: Ensamble Artesano y La Colmena Proyectos de dise\u00f1o con causa October 21 [&hellip;]\" \/>\n<meta property=\"og:url\" content=\"https:\/\/fabricadesanpedro.com\/en\/eventos\/ensamble-artesano-y-la-colmena-casa-spina\/\" \/>\n<meta property=\"og:site_name\" content=\"F\u00e1brica San Pedro\" \/>\n<meta property=\"article:publisher\" content=\"https:\/\/www.facebook.com\/FabricadeSanPedro\/\" \/>\n<meta property=\"article:modified_time\" content=\"2022-10-06T17:52:10+00:00\" \/>\n<meta property=\"og:image\" content=\"https:\/\/fabricadesanpedro.com\/wp-content\/uploads\/2022\/10\/FLYER_CASASPINA-cuadrado-02.png\" \/>\n\t<meta property=\"og:image:width\" content=\"3111\" \/>\n\t<meta property=\"og:image:height\" content=\"3111\" \/>\n\t<meta property=\"og:image:type\" content=\"image\/png\" \/>\n<meta name=\"twitter:card\" content=\"summary_large_image\" \/>\n<meta name=\"twitter:label1\" content=\"Est. reading time\" \/>\n\t<meta name=\"twitter:data1\" content=\"1 minute\" \/>\n<script type=\"application\/ld+json\" class=\"yoast-schema-graph\">{\"@context\":\"https:\\\/\\\/schema.org\",\"@graph\":[{\"@type\":\"WebPage\",\"@id\":\"https:\\\/\\\/fabricadesanpedro.com\\\/en\\\/eventos\\\/ensamble-artesano-y-la-colmena-casa-spina\\\/\",\"url\":\"https:\\\/\\\/fabricadesanpedro.com\\\/en\\\/eventos\\\/ensamble-artesano-y-la-colmena-casa-spina\\\/\",\"name\":\"Ensamble Artesano y La Colmena, Casa Spina - F\u00e1brica San Pedro\",\"isPartOf\":{\"@id\":\"https:\\\/\\\/fabricadesanpedro.com\\\/#website\"},\"primaryImageOfPage\":{\"@id\":\"https:\\\/\\\/fabricadesanpedro.com\\\/en\\\/eventos\\\/ensamble-artesano-y-la-colmena-casa-spina\\\/#primaryimage\"},\"image\":{\"@id\":\"https:\\\/\\\/fabricadesanpedro.com\\\/en\\\/eventos\\\/ensamble-artesano-y-la-colmena-casa-spina\\\/#primaryimage\"},\"thumbnailUrl\":\"https:\\\/\\\/fabricadesanpedro.com\\\/wp-content\\\/uploads\\\/2022\\\/10\\\/FLYER_CASASPINA-cuadrado-02.png\",\"datePublished\":\"2022-10-06T17:49:07+00:00\",\"dateModified\":\"2022-10-06T17:52:10+00:00\",\"breadcrumb\":{\"@id\":\"https:\\\/\\\/fabricadesanpedro.com\\\/en\\\/eventos\\\/ensamble-artesano-y-la-colmena-casa-spina\\\/#breadcrumb\"},\"inLanguage\":\"en-US\",\"potentialAction\":[{\"@type\":\"ReadAction\",\"target\":[\"https:\\\/\\\/fabricadesanpedro.com\\\/en\\\/eventos\\\/ensamble-artesano-y-la-colmena-casa-spina\\\/\"]}]},{\"@type\":\"ImageObject\",\"inLanguage\":\"en-US\",\"@id\":\"https:\\\/\\\/fabricadesanpedro.com\\\/en\\\/eventos\\\/ensamble-artesano-y-la-colmena-casa-spina\\\/#primaryimage\",\"url\":\"https:\\\/\\\/fabricadesanpedro.com\\\/wp-content\\\/uploads\\\/2022\\\/10\\\/FLYER_CASASPINA-cuadrado-02.png\",\"contentUrl\":\"https:\\\/\\\/fabricadesanpedro.com\\\/wp-content\\\/uploads\\\/2022\\\/10\\\/FLYER_CASASPINA-cuadrado-02.png\",\"width\":3111,\"height\":3111},{\"@type\":\"BreadcrumbList\",\"@id\":\"https:\\\/\\\/fabricadesanpedro.com\\\/en\\\/eventos\\\/ensamble-artesano-y-la-colmena-casa-spina\\\/#breadcrumb\",\"itemListElement\":[{\"@type\":\"ListItem\",\"position\":1,\"name\":\"Home\",\"item\":\"https:\\\/\\\/fabricadesanpedro.com\\\/en\\\/\"},{\"@type\":\"ListItem\",\"position\":2,\"name\":\"Events\",\"item\":\"https:\\\/\\\/fabricadesanpedro.com\\\/events\\\/\"},{\"@type\":\"ListItem\",\"position\":3,\"name\":\"Ensamble Artesano y La Colmena, Casa Spina\"}]},{\"@type\":\"WebSite\",\"@id\":\"https:\\\/\\\/fabricadesanpedro.com\\\/#website\",\"url\":\"https:\\\/\\\/fabricadesanpedro.com\\\/\",\"name\":\"F\u00e1brica San Pedro\",\"description\":\"Fabrica San Pedro\",\"publisher\":{\"@id\":\"https:\\\/\\\/fabricadesanpedro.com\\\/#organization\"},\"potentialAction\":[{\"@type\":\"SearchAction\",\"target\":{\"@type\":\"EntryPoint\",\"urlTemplate\":\"https:\\\/\\\/fabricadesanpedro.com\\\/?s={search_term_string}\"},\"query-input\":{\"@type\":\"PropertyValueSpecification\",\"valueRequired\":true,\"valueName\":\"search_term_string\"}}],\"inLanguage\":\"en-US\"},{\"@type\":\"Organization\",\"@id\":\"https:\\\/\\\/fabricadesanpedro.com\\\/#organization\",\"name\":\"Centro Cultural F\u00e1brica de San Pedro\",\"url\":\"https:\\\/\\\/fabricadesanpedro.com\\\/\",\"logo\":{\"@type\":\"ImageObject\",\"inLanguage\":\"en-US\",\"@id\":\"https:\\\/\\\/fabricadesanpedro.com\\\/#\\\/schema\\\/logo\\\/image\\\/\",\"url\":\"https:\\\/\\\/fabricadesanpedro.com\\\/wp-content\\\/uploads\\\/2021\\\/01\\\/logo-fjm-rojo.png\",\"contentUrl\":\"https:\\\/\\\/fabricadesanpedro.com\\\/wp-content\\\/uploads\\\/2021\\\/01\\\/logo-fjm-rojo.png\",\"width\":200,\"height\":49,\"caption\":\"Centro Cultural F\u00e1brica de San Pedro\"},\"image\":{\"@id\":\"https:\\\/\\\/fabricadesanpedro.com\\\/#\\\/schema\\\/logo\\\/image\\\/\"},\"sameAs\":[\"https:\\\/\\\/www.facebook.com\\\/FabricadeSanPedro\\\/\"]}]}<\/script>\n<!-- \/ Yoast SEO plugin. -->","yoast_head_json":{"title":"Ensamble Artesano y La Colmena, Casa Spina - F\u00e1brica San Pedro","robots":{"index":"index","follow":"follow","max-snippet":"max-snippet:-1","max-image-preview":"max-image-preview:large","max-video-preview":"max-video-preview:-1"},"canonical":"https:\/\/fabricadesanpedro.com\/en\/eventos\/ensamble-artesano-y-la-colmena-casa-spina\/","og_locale":"en_US","og_type":"article","og_title":"Ensamble Artesano y La Colmena, Casa Spina - F\u00e1brica San Pedro","og_description":"En el marco del 20\u00ba Festival Internacional de Cine de Morelia Fundaci\u00f3n Coppel y Fundaci\u00f3n Javier Mar\u00edn presentan: Ensamble Artesano y La Colmena Proyectos de dise\u00f1o con causa October 21 [&hellip;]","og_url":"https:\/\/fabricadesanpedro.com\/en\/eventos\/ensamble-artesano-y-la-colmena-casa-spina\/","og_site_name":"F\u00e1brica San Pedro","article_publisher":"https:\/\/www.facebook.com\/FabricadeSanPedro\/","article_modified_time":"2022-10-06T17:52:10+00:00","og_image":[{"width":3111,"height":3111,"url":"https:\/\/fabricadesanpedro.com\/wp-content\/uploads\/2022\/10\/FLYER_CASASPINA-cuadrado-02.png","type":"image\/png"}],"twitter_card":"summary_large_image","twitter_misc":{"Est. reading time":"1 minute"},"schema":{"@context":"https:\/\/schema.org","@graph":[{"@type":"WebPage","@id":"https:\/\/fabricadesanpedro.com\/en\/eventos\/ensamble-artesano-y-la-colmena-casa-spina\/","url":"https:\/\/fabricadesanpedro.com\/en\/eventos\/ensamble-artesano-y-la-colmena-casa-spina\/","name":"Ensamble Artesano y La Colmena, Casa Spina - F\u00e1brica San Pedro","isPartOf":{"@id":"https:\/\/fabricadesanpedro.com\/#website"},"primaryImageOfPage":{"@id":"https:\/\/fabricadesanpedro.com\/en\/eventos\/ensamble-artesano-y-la-colmena-casa-spina\/#primaryimage"},"image":{"@id":"https:\/\/fabricadesanpedro.com\/en\/eventos\/ensamble-artesano-y-la-colmena-casa-spina\/#primaryimage"},"thumbnailUrl":"https:\/\/fabricadesanpedro.com\/wp-content\/uploads\/2022\/10\/FLYER_CASASPINA-cuadrado-02.png","datePublished":"2022-10-06T17:49:07+00:00","dateModified":"2022-10-06T17:52:10+00:00","breadcrumb":{"@id":"https:\/\/fabricadesanpedro.com\/en\/eventos\/ensamble-artesano-y-la-colmena-casa-spina\/#breadcrumb"},"inLanguage":"en-US","potentialAction":[{"@type":"ReadAction","target":["https:\/\/fabricadesanpedro.com\/en\/eventos\/ensamble-artesano-y-la-colmena-casa-spina\/"]}]},{"@type":"ImageObject","inLanguage":"en-US","@id":"https:\/\/fabricadesanpedro.com\/en\/eventos\/ensamble-artesano-y-la-colmena-casa-spina\/#primaryimage","url":"https:\/\/fabricadesanpedro.com\/wp-content\/uploads\/2022\/10\/FLYER_CASASPINA-cuadrado-02.png","contentUrl":"https:\/\/fabricadesanpedro.com\/wp-content\/uploads\/2022\/10\/FLYER_CASASPINA-cuadrado-02.png","width":3111,"height":3111},{"@type":"BreadcrumbList","@id":"https:\/\/fabricadesanpedro.com\/en\/eventos\/ensamble-artesano-y-la-colmena-casa-spina\/#breadcrumb","itemListElement":[{"@type":"ListItem","position":1,"name":"Home","item":"https:\/\/fabricadesanpedro.com\/en\/"},{"@type":"ListItem","position":2,"name":"Events","item":"https:\/\/fabricadesanpedro.com\/events\/"},{"@type":"ListItem","position":3,"name":"Ensamble Artesano y La Colmena, Casa Spina"}]},{"@type":"WebSite","@id":"https:\/\/fabricadesanpedro.com\/#website","url":"https:\/\/fabricadesanpedro.com\/","name":"F\u00e1brica San Pedro","description":"Fabrica San Pedro","publisher":{"@id":"https:\/\/fabricadesanpedro.com\/#organization"},"potentialAction":[{"@type":"SearchAction","target":{"@type":"EntryPoint","urlTemplate":"https:\/\/fabricadesanpedro.com\/?s={search_term_string}"},"query-input":{"@type":"PropertyValueSpecification","valueRequired":true,"valueName":"search_term_string"}}],"inLanguage":"en-US"},{"@type":"Organization","@id":"https:\/\/fabricadesanpedro.com\/#organization","name":"Centro Cultural F\u00e1brica de San Pedro","url":"https:\/\/fabricadesanpedro.com\/","logo":{"@type":"ImageObject","inLanguage":"en-US","@id":"https:\/\/fabricadesanpedro.com\/#\/schema\/logo\/image\/","url":"https:\/\/fabricadesanpedro.com\/wp-content\/uploads\/2021\/01\/logo-fjm-rojo.png","contentUrl":"https:\/\/fabricadesanpedro.com\/wp-content\/uploads\/2021\/01\/logo-fjm-rojo.png","width":200,"height":49,"caption":"Centro Cultural F\u00e1brica de San Pedro"},"image":{"@id":"https:\/\/fabricadesanpedro.com\/#\/schema\/logo\/image\/"},"sameAs":["https:\/\/www.facebook.com\/FabricadeSanPedro\/"]}]}},"_links":{"self":[{"href":"https:\/\/fabricadesanpedro.com\/en\/wp-json\/wp\/v2\/tribe_events\/1009","targetHints":{"allow":["GET"]}}],"collection":[{"href":"https:\/\/fabricadesanpedro.com\/en\/wp-json\/wp\/v2\/tribe_events"}],"about":[{"href":"https:\/\/fabricadesanpedro.com\/en\/wp-json\/wp\/v2\/types\/tribe_events"}],"author":[{"embeddable":true,"href":"https:\/\/fabricadesanpedro.com\/en\/wp-json\/wp\/v2\/users\/1"}],"replies":[{"embeddable":true,"href":"https:\/\/fabricadesanpedro.com\/en\/wp-json\/wp\/v2\/comments?post=1009"}],"version-history":[{"count":3,"href":"https:\/\/fabricadesanpedro.com\/en\/wp-json\/wp\/v2\/tribe_events\/1009\/revisions"}],"predecessor-version":[{"id":1010,"href":"https:\/\/fabricadesanpedro.com\/en\/wp-json\/wp\/v2\/tribe_events\/1009\/revisions\/1010"}],"wp:featuredmedia":[{"embeddable":true,"href":"https:\/\/fabricadesanpedro.com\/en\/wp-json\/wp\/v2\/media\/997"}],"wp:attachment":[{"href":"https:\/\/fabricadesanpedro.com\/en\/wp-json\/wp\/v2\/media?parent=1009"}],"wp:term":[{"taxonomy":"post_tag","embeddable":true,"href":"https:\/\/fabricadesanpedro.com\/en\/wp-json\/wp\/v2\/tags?post=1009"},{"taxonomy":"tribe_events_cat","embeddable":true,"href":"https:\/\/fabricadesanpedro.com\/en\/wp-json\/wp\/v2\/tribe_events_cat?post=1009"}],"curies":[{"name":"wp","href":"https:\/\/api.w.org\/{rel}","templated":true}]}}