{"id":490,"date":"2022-04-04T22:26:50","date_gmt":"2022-04-04T22:26:50","guid":{"rendered":"https:\/\/fabricadesanpedro.com\/?page_id=490"},"modified":"2022-10-11T18:23:01","modified_gmt":"2022-10-11T18:23:01","slug":"training-production","status":"publish","type":"page","link":"https:\/\/fabricadesanpedro.com\/en\/training-production\/","title":{"rendered":"Training\/Production"},"content":{"rendered":"\n<p>El Centro Cultural F\u00e1brica de San Pedro es una plataforma orientada a la creaci\u00f3n de nuevas rutas para la reflexi\u00f3n, formaci\u00f3n, experimentaci\u00f3n y producci\u00f3n en el arte, dise\u00f1o y cultura alimentaria.<\/p>\n\n\n\n<p>El dispositivo propuesto por la Fundaci\u00f3n Javier Marin impulsa iniciativas de alta calidad a trav\u00e9s de residencias, cursos, talleres, diplomados, encuentros, di\u00e1logos e interacciones colectivas en las que participen pensadores y creadores de distintas disciplinas.<\/p>\n\n\n\n<p>Esta estrategia privilegia el intercambio de saberes y la construcci\u00f3n de procesos y v\u00ednculos de reciprocidad que pongan en el centro a las comunidades michoacanas, su legado y patrimonio cultural; en la b\u00fasqueda de una sociedad m\u00e1s pac\u00edfica, justa, equitativa, plural e incluyente.<\/p>\n\n\n\n<p><\/p>\n\n\n\n<div class=\"wp-block-columns is-layout-flex wp-container-core-columns-is-layout-9d6595d7 wp-block-columns-is-layout-flex\">\n<div class=\"wp-block-column is-layout-flow wp-block-column-is-layout-flow\">\n<figure class=\"wp-block-video\"><video height=\"480\" style=\"aspect-ratio: 480 \/ 480;\" width=\"480\" autoplay loop src=\"https:\/\/fabricadesanpedro.com\/wp-content\/uploads\/2022\/04\/Dise\u00f1o.mp4\"><\/video><\/figure>\n<\/div>\n\n\n\n<div class=\"wp-block-column is-layout-flow wp-block-column-is-layout-flow\">\n<figure class=\"wp-block-video\"><video height=\"480\" style=\"aspect-ratio: 480 \/ 480;\" width=\"480\" autoplay loop src=\"https:\/\/fabricadesanpedro.com\/wp-content\/uploads\/2022\/04\/Arte.mp4\"><\/video><\/figure>\n<\/div>\n<\/div>\n\n\n\n<div class=\"wp-block-columns is-layout-flex wp-container-core-columns-is-layout-9d6595d7 wp-block-columns-is-layout-flex\">\n<div class=\"wp-block-column is-layout-flow wp-block-column-is-layout-flow\">\n<figure class=\"wp-block-video\"><video height=\"480\" style=\"aspect-ratio: 480 \/ 480;\" width=\"480\" autoplay loop src=\"https:\/\/fabricadesanpedro.com\/wp-content\/uploads\/2022\/04\/Cultura-alimentaria.mp4\"><\/video><\/figure>\n<\/div>\n\n\n\n<div class=\"wp-block-column is-layout-flow wp-block-column-is-layout-flow\">\n<figure class=\"wp-block-video\"><video height=\"480\" style=\"aspect-ratio: 480 \/ 480;\" width=\"480\" autoplay loop src=\"https:\/\/fabricadesanpedro.com\/wp-content\/uploads\/2022\/04\/Comunidad.mp4\"><\/video><\/figure>\n<\/div>\n<\/div>\n\n\n\n<hr class=\"wp-block-separator has-css-opacity\"\/>\n\n\n\n<h1 class=\"has-accent-color has-text-color wp-block-heading\" id=\"convocatorias\">APPLICATIONS<\/h1>\n\n\n\n<figure class=\"wp-block-image size-large\"><img loading=\"lazy\" decoding=\"async\" width=\"1024\" height=\"1024\" src=\"https:\/\/fabricadesanpedro.com\/wp-content\/uploads\/2022\/10\/Portada-rosa-taller-de-disen\u0303o-ende\u0301mico_Mesa-de-trabajo-1-1-1024x1024.png\" alt=\"\" class=\"wp-image-1022\" srcset=\"https:\/\/fabricadesanpedro.com\/wp-content\/uploads\/2022\/10\/Portada-rosa-taller-de-disen\u0303o-ende\u0301mico_Mesa-de-trabajo-1-1-1024x1024.png 1024w, https:\/\/fabricadesanpedro.com\/wp-content\/uploads\/2022\/10\/Portada-rosa-taller-de-disen\u0303o-ende\u0301mico_Mesa-de-trabajo-1-1-300x300.png 300w, https:\/\/fabricadesanpedro.com\/wp-content\/uploads\/2022\/10\/Portada-rosa-taller-de-disen\u0303o-ende\u0301mico_Mesa-de-trabajo-1-1-150x150.png 150w, https:\/\/fabricadesanpedro.com\/wp-content\/uploads\/2022\/10\/Portada-rosa-taller-de-disen\u0303o-ende\u0301mico_Mesa-de-trabajo-1-1-768x768.png 768w, https:\/\/fabricadesanpedro.com\/wp-content\/uploads\/2022\/10\/Portada-rosa-taller-de-disen\u0303o-ende\u0301mico_Mesa-de-trabajo-1-1-1536x1536.png 1536w, https:\/\/fabricadesanpedro.com\/wp-content\/uploads\/2022\/10\/Portada-rosa-taller-de-disen\u0303o-ende\u0301mico_Mesa-de-trabajo-1-1-2048x2048.png 2048w, https:\/\/fabricadesanpedro.com\/wp-content\/uploads\/2022\/10\/Portada-rosa-taller-de-disen\u0303o-ende\u0301mico_Mesa-de-trabajo-1-1-1200x1200.png 1200w, https:\/\/fabricadesanpedro.com\/wp-content\/uploads\/2022\/10\/Portada-rosa-taller-de-disen\u0303o-ende\u0301mico_Mesa-de-trabajo-1-1-1980x1980.png 1980w\" sizes=\"auto, (max-width: 1024px) 100vw, 1024px\" \/><\/figure>\n\n\n\n<p>Laboratorio de dise\u00f1o end\u00e9mico y experimentaci\u00f3n de materiales: CHUSPATA<\/p>\n\n\n\n<p>Impartido por el dise\u00f1ador Fernando Laposse<\/p>\n\n\n\n<p>Del 10 al 13 de noviembre<\/p>\n\n\n\n<p>10:00h a 18:00h<\/p>\n\n\n\n<div class=\"wp-block-columns is-layout-flex wp-container-core-columns-is-layout-9d6595d7 wp-block-columns-is-layout-flex\">\n<div class=\"wp-block-column is-layout-flow wp-block-column-is-layout-flow\">\n<div class=\"wp-block-buttons is-layout-flex wp-block-buttons-is-layout-flex\">\n<div class=\"wp-block-button\"><a class=\"wp-block-button__link\" href=\"https:\/\/drive.google.com\/file\/d\/1L-LiGWgAlCIpcD0_UjmuRWzkbrEKhkkJ\/view?pli=1\" target=\"_blank\" rel=\"noreferrer noopener\">open call<\/a><\/div>\n<\/div>\n<\/div>\n\n\n\n<div class=\"wp-block-column is-layout-flow wp-block-column-is-layout-flow\"><\/div>\n<\/div>\n\n\n\n<figure class=\"wp-block-image size-full\"><img loading=\"lazy\" decoding=\"async\" width=\"893\" height=\"894\" src=\"https:\/\/fabricadesanpedro.com\/wp-content\/uploads\/2022\/07\/Captura-de-Pantalla-2022-07-06-a-las-12.55.20.png\" alt=\"\" class=\"wp-image-676\" srcset=\"https:\/\/fabricadesanpedro.com\/wp-content\/uploads\/2022\/07\/Captura-de-Pantalla-2022-07-06-a-las-12.55.20.png 893w, https:\/\/fabricadesanpedro.com\/wp-content\/uploads\/2022\/07\/Captura-de-Pantalla-2022-07-06-a-las-12.55.20-300x300.png 300w, https:\/\/fabricadesanpedro.com\/wp-content\/uploads\/2022\/07\/Captura-de-Pantalla-2022-07-06-a-las-12.55.20-150x150.png 150w, https:\/\/fabricadesanpedro.com\/wp-content\/uploads\/2022\/07\/Captura-de-Pantalla-2022-07-06-a-las-12.55.20-768x769.png 768w\" sizes=\"auto, (max-width: 893px) 100vw, 893px\" \/><\/figure>\n\n\n\n<p>Fashion ilustration workshop<\/p>\n\n\n\n<p>Imparted by Guillermo Meraz<\/p>\n\n\n\n<p class=\"has-accent-color has-text-color\">Application CLOSED<\/p>\n\n\n\n<p>August 2022 &#8211; november 2022<\/p>\n\n\n\n<hr class=\"wp-block-separator has-alpha-channel-opacity\"\/>\n\n\n\n<figure class=\"wp-block-image size-large\"><img loading=\"lazy\" decoding=\"async\" width=\"1024\" height=\"1024\" src=\"https:\/\/fabricadesanpedro.com\/wp-content\/uploads\/2022\/04\/IMG_3356-1024x1024.jpeg\" alt=\"\" class=\"wp-image-467\" srcset=\"https:\/\/fabricadesanpedro.com\/wp-content\/uploads\/2022\/04\/IMG_3356-1024x1024.jpeg 1024w, https:\/\/fabricadesanpedro.com\/wp-content\/uploads\/2022\/04\/IMG_3356-300x300.jpeg 300w, https:\/\/fabricadesanpedro.com\/wp-content\/uploads\/2022\/04\/IMG_3356-150x150.jpeg 150w, https:\/\/fabricadesanpedro.com\/wp-content\/uploads\/2022\/04\/IMG_3356-768x768.jpeg 768w, https:\/\/fabricadesanpedro.com\/wp-content\/uploads\/2022\/04\/IMG_3356-1536x1536.jpeg 1536w, https:\/\/fabricadesanpedro.com\/wp-content\/uploads\/2022\/04\/IMG_3356-2048x2048.jpeg 2048w, https:\/\/fabricadesanpedro.com\/wp-content\/uploads\/2022\/04\/IMG_3356-1200x1200.jpeg 1200w, https:\/\/fabricadesanpedro.com\/wp-content\/uploads\/2022\/04\/IMG_3356-1980x1980.jpeg 1980w\" sizes=\"auto, (max-width: 1024px) 100vw, 1024px\" \/><\/figure>\n\n\n\n<p>Certification in Colaborative Design validated by UNAM<\/p>\n\n\n\n<p>Imparted by Luis Equihua<\/p>\n\n\n\n<p class=\"has-accent-color has-text-color\">Application CLOSED<\/p>\n\n\n\n<p>May 2022 \u2013 october 2022<\/p>\n\n\n\n<hr class=\"wp-block-separator has-alpha-channel-opacity\"\/>\n\n\n\n<figure class=\"wp-block-image size-large\"><img loading=\"lazy\" decoding=\"async\" width=\"1024\" height=\"1024\" src=\"https:\/\/fabricadesanpedro.com\/wp-content\/uploads\/2022\/04\/IMG_3307-1024x1024.jpeg\" alt=\"\" class=\"wp-image-466\" srcset=\"https:\/\/fabricadesanpedro.com\/wp-content\/uploads\/2022\/04\/IMG_3307-1024x1024.jpeg 1024w, https:\/\/fabricadesanpedro.com\/wp-content\/uploads\/2022\/04\/IMG_3307-300x300.jpeg 300w, https:\/\/fabricadesanpedro.com\/wp-content\/uploads\/2022\/04\/IMG_3307-150x150.jpeg 150w, https:\/\/fabricadesanpedro.com\/wp-content\/uploads\/2022\/04\/IMG_3307-768x768.jpeg 768w, https:\/\/fabricadesanpedro.com\/wp-content\/uploads\/2022\/04\/IMG_3307-1536x1536.jpeg 1536w, https:\/\/fabricadesanpedro.com\/wp-content\/uploads\/2022\/04\/IMG_3307.jpeg 2048w, https:\/\/fabricadesanpedro.com\/wp-content\/uploads\/2022\/04\/IMG_3307-1200x1200.jpeg 1200w, https:\/\/fabricadesanpedro.com\/wp-content\/uploads\/2022\/04\/IMG_3307-1980x1980.jpeg 1980w\" sizes=\"auto, (max-width: 1024px) 100vw, 1024px\" \/><\/figure>\n\n\n\n<p>NATURAL DYE WORKSHOP<\/p>\n\n\n\n<p>By Maddalena Forcella.<\/p>\n\n\n\n<p class=\"has-accent-color has-text-color\"> Application CLOSED<\/p>\n\n\n\n<p>Fabrica de San Pedro, Uruapan, Mich., Mexico<\/p>\n\n\n\n<p>May, June and August 2022<\/p>\n\n\n\n<p><\/p>\n\n\n\n<div class=\"wp-block-columns is-layout-flex wp-container-core-columns-is-layout-9d6595d7 wp-block-columns-is-layout-flex\">\n<div class=\"wp-block-column is-layout-flow wp-block-column-is-layout-flow\"><\/div>\n\n\n\n<div class=\"wp-block-column is-layout-flow wp-block-column-is-layout-flow\"><\/div>\n<\/div>\n\n\n\n<p><\/p>\n\n\n\n<p><\/p>\n\n\n\n<div style=\"height:100px\" aria-hidden=\"true\" class=\"wp-block-spacer\"><\/div>\n\n\n\n<h1 class=\"has-accent-color has-text-color wp-block-heading\" id=\"convocatorias\">CONTACT<\/h1>\n\n\n\n<p>Lourdes Ba\u00e9z<\/p>\n\n\n\n<p>Mail: formacion@fundacionjaviermarin.mx<\/p>\n\n\n\n<p>Phone: 951 237 1879<\/p>\n\n\n\n<p>Centro Cultural F\u00e1brica de San Pedro<\/p>\n\n\n\n<p>Miguel Trevi\u00f1o 100, Centro, 60000, Uruapan, Michoacan, Mexico<\/p>\n\n\n\n<div class=\"wp-block-buttons is-layout-flex wp-block-buttons-is-layout-flex\"><\/div>\n\n\n\n<p><\/p>\n","protected":false},"excerpt":{"rendered":"<p>El Centro Cultural F\u00e1brica de San Pedro es una plataforma orientada a la creaci\u00f3n de nuevas rutas para la reflexi\u00f3n, formaci\u00f3n, experimentaci\u00f3n y producci\u00f3n en el arte, dise\u00f1o y cultura [&hellip;]<\/p>\n","protected":false},"author":1,"featured_media":0,"parent":0,"menu_order":0,"comment_status":"closed","ping_status":"closed","template":"","meta":{"footnotes":""},"class_list":["post-490","page","type-page","status-publish","hentry"],"yoast_head":"<!-- This site is optimized with the Yoast SEO plugin v27.4 - https:\/\/yoast.com\/product\/yoast-seo-wordpress\/ -->\n<title>Training\/Production - F\u00e1brica San Pedro<\/title>\n<meta name=\"robots\" content=\"index, follow, max-snippet:-1, max-image-preview:large, max-video-preview:-1\" \/>\n<link rel=\"canonical\" href=\"https:\/\/fabricadesanpedro.com\/en\/training-production\/\" \/>\n<meta property=\"og:locale\" content=\"en_US\" \/>\n<meta property=\"og:type\" content=\"article\" \/>\n<meta property=\"og:title\" content=\"Training\/Production - F\u00e1brica San Pedro\" \/>\n<meta property=\"og:description\" content=\"El Centro Cultural F\u00e1brica de San Pedro es una plataforma orientada a la creaci\u00f3n de nuevas rutas para la reflexi\u00f3n, formaci\u00f3n, experimentaci\u00f3n y producci\u00f3n en el arte, dise\u00f1o y cultura [&hellip;]\" \/>\n<meta property=\"og:url\" content=\"https:\/\/fabricadesanpedro.com\/en\/training-production\/\" \/>\n<meta property=\"og:site_name\" content=\"F\u00e1brica San Pedro\" \/>\n<meta property=\"article:publisher\" content=\"https:\/\/www.facebook.com\/FabricadeSanPedro\/\" \/>\n<meta property=\"article:modified_time\" content=\"2022-10-11T18:23:01+00:00\" \/>\n<meta property=\"og:image\" content=\"https:\/\/fabricadesanpedro.com\/wp-content\/uploads\/2022\/07\/Captura-de-Pantalla-2022-07-06-a-las-12.55.20.png\" \/>\n<meta name=\"twitter:card\" content=\"summary_large_image\" \/>\n<meta name=\"twitter:label1\" content=\"Est. reading time\" \/>\n\t<meta name=\"twitter:data1\" content=\"2 minutes\" \/>\n<script type=\"application\/ld+json\" class=\"yoast-schema-graph\">{\"@context\":\"https:\\\/\\\/schema.org\",\"@graph\":[{\"@type\":\"WebPage\",\"@id\":\"https:\\\/\\\/fabricadesanpedro.com\\\/en\\\/training-production\\\/\",\"url\":\"https:\\\/\\\/fabricadesanpedro.com\\\/en\\\/training-production\\\/\",\"name\":\"Training\\\/Production - F\u00e1brica San Pedro\",\"isPartOf\":{\"@id\":\"https:\\\/\\\/fabricadesanpedro.com\\\/#website\"},\"primaryImageOfPage\":{\"@id\":\"https:\\\/\\\/fabricadesanpedro.com\\\/en\\\/training-production\\\/#primaryimage\"},\"image\":{\"@id\":\"https:\\\/\\\/fabricadesanpedro.com\\\/en\\\/training-production\\\/#primaryimage\"},\"thumbnailUrl\":\"https:\\\/\\\/fabricadesanpedro.com\\\/wp-content\\\/uploads\\\/2022\\\/07\\\/Captura-de-Pantalla-2022-07-06-a-las-12.55.20.png\",\"datePublished\":\"2022-04-04T22:26:50+00:00\",\"dateModified\":\"2022-10-11T18:23:01+00:00\",\"breadcrumb\":{\"@id\":\"https:\\\/\\\/fabricadesanpedro.com\\\/en\\\/training-production\\\/#breadcrumb\"},\"inLanguage\":\"en-US\",\"potentialAction\":[{\"@type\":\"ReadAction\",\"target\":[\"https:\\\/\\\/fabricadesanpedro.com\\\/en\\\/training-production\\\/\"]}]},{\"@type\":\"ImageObject\",\"inLanguage\":\"en-US\",\"@id\":\"https:\\\/\\\/fabricadesanpedro.com\\\/en\\\/training-production\\\/#primaryimage\",\"url\":\"https:\\\/\\\/fabricadesanpedro.com\\\/wp-content\\\/uploads\\\/2022\\\/07\\\/Captura-de-Pantalla-2022-07-06-a-las-12.55.20.png\",\"contentUrl\":\"https:\\\/\\\/fabricadesanpedro.com\\\/wp-content\\\/uploads\\\/2022\\\/07\\\/Captura-de-Pantalla-2022-07-06-a-las-12.55.20.png\"},{\"@type\":\"BreadcrumbList\",\"@id\":\"https:\\\/\\\/fabricadesanpedro.com\\\/en\\\/training-production\\\/#breadcrumb\",\"itemListElement\":[{\"@type\":\"ListItem\",\"position\":1,\"name\":\"Home\",\"item\":\"https:\\\/\\\/fabricadesanpedro.com\\\/en\\\/\"},{\"@type\":\"ListItem\",\"position\":2,\"name\":\"Training\\\/Production\"}]},{\"@type\":\"WebSite\",\"@id\":\"https:\\\/\\\/fabricadesanpedro.com\\\/#website\",\"url\":\"https:\\\/\\\/fabricadesanpedro.com\\\/\",\"name\":\"F\u00e1brica San Pedro\",\"description\":\"Fabrica San Pedro\",\"publisher\":{\"@id\":\"https:\\\/\\\/fabricadesanpedro.com\\\/#organization\"},\"potentialAction\":[{\"@type\":\"SearchAction\",\"target\":{\"@type\":\"EntryPoint\",\"urlTemplate\":\"https:\\\/\\\/fabricadesanpedro.com\\\/?s={search_term_string}\"},\"query-input\":{\"@type\":\"PropertyValueSpecification\",\"valueRequired\":true,\"valueName\":\"search_term_string\"}}],\"inLanguage\":\"en-US\"},{\"@type\":\"Organization\",\"@id\":\"https:\\\/\\\/fabricadesanpedro.com\\\/#organization\",\"name\":\"Centro Cultural F\u00e1brica de San Pedro\",\"url\":\"https:\\\/\\\/fabricadesanpedro.com\\\/\",\"logo\":{\"@type\":\"ImageObject\",\"inLanguage\":\"en-US\",\"@id\":\"https:\\\/\\\/fabricadesanpedro.com\\\/#\\\/schema\\\/logo\\\/image\\\/\",\"url\":\"https:\\\/\\\/fabricadesanpedro.com\\\/wp-content\\\/uploads\\\/2021\\\/01\\\/logo-fjm-rojo.png\",\"contentUrl\":\"https:\\\/\\\/fabricadesanpedro.com\\\/wp-content\\\/uploads\\\/2021\\\/01\\\/logo-fjm-rojo.png\",\"width\":200,\"height\":49,\"caption\":\"Centro Cultural F\u00e1brica de San Pedro\"},\"image\":{\"@id\":\"https:\\\/\\\/fabricadesanpedro.com\\\/#\\\/schema\\\/logo\\\/image\\\/\"},\"sameAs\":[\"https:\\\/\\\/www.facebook.com\\\/FabricadeSanPedro\\\/\"]}]}<\/script>\n<!-- \/ Yoast SEO plugin. -->","yoast_head_json":{"title":"Training\/Production - F\u00e1brica San Pedro","robots":{"index":"index","follow":"follow","max-snippet":"max-snippet:-1","max-image-preview":"max-image-preview:large","max-video-preview":"max-video-preview:-1"},"canonical":"https:\/\/fabricadesanpedro.com\/en\/training-production\/","og_locale":"en_US","og_type":"article","og_title":"Training\/Production - F\u00e1brica San Pedro","og_description":"El Centro Cultural F\u00e1brica de San Pedro es una plataforma orientada a la creaci\u00f3n de nuevas rutas para la reflexi\u00f3n, formaci\u00f3n, experimentaci\u00f3n y producci\u00f3n en el arte, dise\u00f1o y cultura [&hellip;]","og_url":"https:\/\/fabricadesanpedro.com\/en\/training-production\/","og_site_name":"F\u00e1brica San Pedro","article_publisher":"https:\/\/www.facebook.com\/FabricadeSanPedro\/","article_modified_time":"2022-10-11T18:23:01+00:00","og_image":[{"url":"https:\/\/fabricadesanpedro.com\/wp-content\/uploads\/2022\/07\/Captura-de-Pantalla-2022-07-06-a-las-12.55.20.png","type":"","width":"","height":""}],"twitter_card":"summary_large_image","twitter_misc":{"Est. reading time":"2 minutes"},"schema":{"@context":"https:\/\/schema.org","@graph":[{"@type":"WebPage","@id":"https:\/\/fabricadesanpedro.com\/en\/training-production\/","url":"https:\/\/fabricadesanpedro.com\/en\/training-production\/","name":"Training\/Production - F\u00e1brica San Pedro","isPartOf":{"@id":"https:\/\/fabricadesanpedro.com\/#website"},"primaryImageOfPage":{"@id":"https:\/\/fabricadesanpedro.com\/en\/training-production\/#primaryimage"},"image":{"@id":"https:\/\/fabricadesanpedro.com\/en\/training-production\/#primaryimage"},"thumbnailUrl":"https:\/\/fabricadesanpedro.com\/wp-content\/uploads\/2022\/07\/Captura-de-Pantalla-2022-07-06-a-las-12.55.20.png","datePublished":"2022-04-04T22:26:50+00:00","dateModified":"2022-10-11T18:23:01+00:00","breadcrumb":{"@id":"https:\/\/fabricadesanpedro.com\/en\/training-production\/#breadcrumb"},"inLanguage":"en-US","potentialAction":[{"@type":"ReadAction","target":["https:\/\/fabricadesanpedro.com\/en\/training-production\/"]}]},{"@type":"ImageObject","inLanguage":"en-US","@id":"https:\/\/fabricadesanpedro.com\/en\/training-production\/#primaryimage","url":"https:\/\/fabricadesanpedro.com\/wp-content\/uploads\/2022\/07\/Captura-de-Pantalla-2022-07-06-a-las-12.55.20.png","contentUrl":"https:\/\/fabricadesanpedro.com\/wp-content\/uploads\/2022\/07\/Captura-de-Pantalla-2022-07-06-a-las-12.55.20.png"},{"@type":"BreadcrumbList","@id":"https:\/\/fabricadesanpedro.com\/en\/training-production\/#breadcrumb","itemListElement":[{"@type":"ListItem","position":1,"name":"Home","item":"https:\/\/fabricadesanpedro.com\/en\/"},{"@type":"ListItem","position":2,"name":"Training\/Production"}]},{"@type":"WebSite","@id":"https:\/\/fabricadesanpedro.com\/#website","url":"https:\/\/fabricadesanpedro.com\/","name":"F\u00e1brica San Pedro","description":"Fabrica San Pedro","publisher":{"@id":"https:\/\/fabricadesanpedro.com\/#organization"},"potentialAction":[{"@type":"SearchAction","target":{"@type":"EntryPoint","urlTemplate":"https:\/\/fabricadesanpedro.com\/?s={search_term_string}"},"query-input":{"@type":"PropertyValueSpecification","valueRequired":true,"valueName":"search_term_string"}}],"inLanguage":"en-US"},{"@type":"Organization","@id":"https:\/\/fabricadesanpedro.com\/#organization","name":"Centro Cultural F\u00e1brica de San Pedro","url":"https:\/\/fabricadesanpedro.com\/","logo":{"@type":"ImageObject","inLanguage":"en-US","@id":"https:\/\/fabricadesanpedro.com\/#\/schema\/logo\/image\/","url":"https:\/\/fabricadesanpedro.com\/wp-content\/uploads\/2021\/01\/logo-fjm-rojo.png","contentUrl":"https:\/\/fabricadesanpedro.com\/wp-content\/uploads\/2021\/01\/logo-fjm-rojo.png","width":200,"height":49,"caption":"Centro Cultural F\u00e1brica de San Pedro"},"image":{"@id":"https:\/\/fabricadesanpedro.com\/#\/schema\/logo\/image\/"},"sameAs":["https:\/\/www.facebook.com\/FabricadeSanPedro\/"]}]}},"_links":{"self":[{"href":"https:\/\/fabricadesanpedro.com\/en\/wp-json\/wp\/v2\/pages\/490","targetHints":{"allow":["GET"]}}],"collection":[{"href":"https:\/\/fabricadesanpedro.com\/en\/wp-json\/wp\/v2\/pages"}],"about":[{"href":"https:\/\/fabricadesanpedro.com\/en\/wp-json\/wp\/v2\/types\/page"}],"author":[{"embeddable":true,"href":"https:\/\/fabricadesanpedro.com\/en\/wp-json\/wp\/v2\/users\/1"}],"replies":[{"embeddable":true,"href":"https:\/\/fabricadesanpedro.com\/en\/wp-json\/wp\/v2\/comments?post=490"}],"version-history":[{"count":24,"href":"https:\/\/fabricadesanpedro.com\/en\/wp-json\/wp\/v2\/pages\/490\/revisions"}],"predecessor-version":[{"id":1026,"href":"https:\/\/fabricadesanpedro.com\/en\/wp-json\/wp\/v2\/pages\/490\/revisions\/1026"}],"wp:attachment":[{"href":"https:\/\/fabricadesanpedro.com\/en\/wp-json\/wp\/v2\/media?parent=490"}],"curies":[{"name":"wp","href":"https:\/\/api.w.org\/{rel}","templated":true}]}}